{"id":1735,"date":"2025-01-17T11:26:51","date_gmt":"2025-01-17T16:26:51","guid":{"rendered":"https:\/\/www.emploi.niteklaser.com\/?page_id=1735"},"modified":"2025-12-10T08:47:41","modified_gmt":"2025-12-10T13:47:41","slug":"politique-relative-a-la-protection-des-renseignements-personnels","status":"publish","type":"page","link":"https:\/\/www.emploi.niteklaser.com\/?page_id=1735","title":{"rendered":"Politique relative \u00e0 la protection des renseignements personnels"},"content":{"rendered":"\t\t<div data-elementor-type=\"wp-page\" data-elementor-id=\"1735\" class=\"elementor elementor-1735\" data-elementor-post-type=\"page\">\n\t\t\t\t\t\t<section class=\"elementor-section elementor-top-section elementor-element elementor-element-28a818e0 elementor-section-boxed elementor-section-height-default elementor-section-height-default\" data-id=\"28a818e0\" data-element_type=\"section\" data-e-type=\"section\">\n\t\t\t\t\t\t<div class=\"elementor-container elementor-column-gap-default\">\n\t\t\t\t\t<div class=\"elementor-column elementor-col-100 elementor-top-column elementor-element elementor-element-46923644\" data-id=\"46923644\" data-element_type=\"column\" data-e-type=\"column\">\n\t\t\t<div class=\"elementor-widget-wrap elementor-element-populated\">\n\t\t\t\t\t\t<div class=\"elementor-element elementor-element-61481780 elementor-widget elementor-widget-text-editor\" data-id=\"61481780\" data-element_type=\"widget\" data-e-type=\"widget\" data-widget_type=\"text-editor.default\">\n\t\t\t\t<div class=\"elementor-widget-container\">\n\t\t\t\t\t\t\t\t\t<p><\/p>\n<p class=\"has-black-color has-text-color has-link-color wp-elements-e9bfb3e1572e899700b8eb8212da5e48\"><span style=\"color: #ffffff;\">Vos renseignements personnels jouent un r\u00f4le important dans certains de nos processus d\u2019affaires. Nous avons donc adopt\u00e9 la Politique relative \u00e0 la confidentialit\u00e9 et \u00e0 la protection de la vie priv\u00e9e (la \u00ab Politique \u00bb) pour nous assurer de nous acquitter de nos responsabilit\u00e9s en la mati\u00e8re. La Politique constitue l\u2019un des piliers du programme de protection de la vie priv\u00e9e.<\/span><\/p>\n<p><span style=\"color: #ffffff;\"><\/span><\/p>\n<p class=\"has-black-color has-text-color has-link-color wp-elements-6898b01af6bca9cacefb6cc79f3567ad\"><span style=\"color: #ffffff;\">Ce programme vise \u00e0 assurer le respect du cadre l\u00e9gal \u00e9tabli par la Loi modernisant les dispositions l\u00e9gislatives en mati\u00e8re de protection des renseignements personnels, LQ 2021.<\/span><\/p>\n<p><span style=\"color: #ffffff;\"><\/span><\/p>\n<p class=\"has-black-color has-text-color has-link-color wp-elements-b18f00b5536315e56e8714e94fe0d9fc\"><span style=\"color: #ffffff;\">La Politique encadre la mani\u00e8re dont Nitek Laser traite, prot\u00e8ge, conserve et d\u00e9truit les renseignements personnels de ses clients, des candidats externes \u00e0 des postes affich\u00e9s sur son site Web et de toute autre personne, et ce, peu importe le support sur lequel ces renseignements se trouvent : document papier, enregistrement sonore ou base de donn\u00e9es, par exemple. La Politique ne s\u2019applique toutefois pas aux renseignements personnels ayant un caract\u00e8re public en vertu de la loi.<\/span><\/p>\n<p><span style=\"color: #ffffff;\"><\/span><\/p>\n<p class=\"has-black-color has-text-color has-link-color wp-elements-feaf9685eb316994f697bcb9778bc574\"><span style=\"color: #ffffff;\">Conform\u00e9ment aux principes de protection de la vie priv\u00e9e \u00e9nonc\u00e9s dans la Politique, nous adoptons au quotidien les pratiques et les mesures requises afin d\u2019assumer nos responsabilit\u00e9s en la mati\u00e8re, notamment le traitement des plaintes, la gestion des incidents de confidentialit\u00e9, l\u2019\u00e9valuation et la gestion des risques, ainsi que la formation et la sensibilisation aupr\u00e8s du personnel de l\u2019entreprise Nitek Laser.<\/span><\/p>\n<p><span style=\"color: #ffffff;\"><\/span><\/p>\n<p class=\"has-black-color has-text-color has-link-color wp-elements-49b7e5059da57b839a8620fe1dd08f96\"><span style=\"color: #ffffff;\">Nous recueillons principalement vos renseignements personnels directement aupr\u00e8s de vous, notamment&nbsp;:<\/span><\/p>\n<p><span style=\"color: #ffffff;\"><\/span><\/p>\n<p class=\"has-black-color has-text-color has-link-color wp-elements-f380395d5d70c90c6b0a57dce3e25200\"><span style=\"color: #ffffff;\">&nbsp; &nbsp; \u2013 lorsque vous communiquez avec nous;<\/span><\/p>\n<p><span style=\"color: #ffffff;\"><\/span><\/p>\n<p class=\"has-black-color has-text-color has-link-color wp-elements-10f0f81e6e8f74ceebf657202f8714a8\"><span style=\"color: #ffffff;\">&nbsp; &nbsp; \u2013 lors de l\u2019utilisation de notre site Web.<\/span><\/p>\n<p><span style=\"color: #ffffff;\"><\/span><\/p>\n<p class=\"has-black-color has-text-color has-link-color wp-elements-5dad52260911e53a02f8d91e4774a42b\"><span style=\"color: #ffffff;\">Nous recueillons et utilisons vos renseignements personnels afin de nous acquitter de la mission qui nous est confi\u00e9e, notamment pour :<\/span><\/p>\n<p><span style=\"color: #ffffff;\"><\/span><\/p>\n<p class=\"has-black-color has-text-color has-link-color wp-elements-9457b348497cdc0157f3dc8b147343b6\"><span style=\"color: #ffffff;\">&nbsp; &nbsp; \u2013 communiquer avec vous ;<\/span><\/p>\n<p><span style=\"color: #ffffff;\"><\/span><\/p>\n<p class=\"has-black-color has-text-color has-link-color wp-elements-2cd5fc950e2fd869dbcbf032728b540c\"><span style=\"color: #ffffff;\">&nbsp; &nbsp; \u2013 traiter votre candidature aux postes que nous affichons ;<\/span><\/p>\n<p><span style=\"color: #ffffff;\"><\/span><\/p>\n<p class=\"has-black-color has-text-color has-link-color wp-elements-b55be15deeb4a4410f7c4417db868d65\"><span style=\"color: #ffffff;\">&nbsp; &nbsp; \u2013 offrir des informations et des contenus utiles pour vous et promouvoir nos services ;<\/span><\/p>\n<p><span style=\"color: #ffffff;\"><\/span><\/p>\n<p class=\"has-black-color has-text-color has-link-color wp-elements-b23c2e284cfbed76d0f8617b3e70ea2a\"><span style=\"color: #ffffff;\">&nbsp; &nbsp; \u2013 respecter nos obligations l\u00e9gales et r\u00e9glementaires.<\/span><\/p>\n<p><span style=\"color: #ffffff;\"><\/span><\/p>\n<p class=\"has-black-color has-text-color has-link-color wp-elements-47b2f099acad2d21daf5503dc7c3ca8c\"><span style=\"color: #ffffff;\">Nous r\u00e9visons p\u00e9riodiquement ces mesures de s\u00e9curit\u00e9 pour nous assurer qu\u2019elles sont bien appliqu\u00e9es, qu\u2019elles sont encore pleinement efficaces et qu\u2019elles conviennent toujours compte tenu de l\u2019\u00e9volution de nos syst\u00e8mes et des technologies de l\u2019information.<\/span><\/p>\n<p><span style=\"color: #ffffff;\"><\/span><\/p>\n<p class=\"has-black-color has-text-color has-link-color wp-elements-b333f82c87882f90fee4d6089c78e939\"><span style=\"color: #ffffff;\">Si vous avez des raisons de croire que des renseignements personnels \u00e0 votre sujet ont \u00e9t\u00e9 compromis, veuillez communiquer avec notre \u00e9quipe \u00e0 <a style=\"color: #ffffff;\" href=\"mailto:info@niteklaser.com\">info@niteklaser.com<\/a> .<\/span><\/p>\n<p><span style=\"color: #ffffff;\"><\/span><\/p>\n<p class=\"has-black-color has-text-color has-link-color wp-elements-a3c77f983aa80dc27137154c875c6c60\"><span style=\"color: #ffffff;\">Sachez que vous pouvez en tout temps adresser votre demande d\u2019acc\u00e8s ou de rectification par \u00e9crit \u00e0 l\u2019attention du responsable de la protection des renseignements personnels, M.&nbsp;Samuel Dubuc, directeur g\u00e9n\u00e9ral adjoint, \u00e0 l\u2019adresse <a style=\"color: #ffffff;\" href=\"mailto:info@niteklaser.com\">info@niteklaser.com<\/a> .<\/span><\/p>\n<p><span style=\"color: #ffffff;\"><\/span><\/p>\n<p><span style=\"color: #ffffff;\">Mise-\u00e0-jour 2025-12-10<\/span><\/p>\n<p><span style=\"color: #ffffff;\"><\/span><\/p>\n<p><\/p>\n<p><\/p>\t\t\t\t\t\t\t\t<\/div>\n\t\t\t\t<\/div>\n\t\t\t\t\t<\/div>\n\t\t<\/div>\n\t\t\t\t\t<\/div>\n\t\t<\/section>\n\t\t\t\t<section class=\"elementor-section elementor-top-section elementor-element elementor-element-149e2f5 elementor-section-boxed elementor-section-height-default elementor-section-height-default\" data-id=\"149e2f5\" data-element_type=\"section\" data-e-type=\"section\">\n\t\t\t\t\t\t<div class=\"elementor-container elementor-column-gap-default\">\n\t\t\t\t\t<div class=\"elementor-column elementor-col-100 elementor-top-column elementor-element elementor-element-eaaa174\" data-id=\"eaaa174\" data-element_type=\"column\" data-e-type=\"column\">\n\t\t\t<div class=\"elementor-widget-wrap elementor-element-populated\">\n\t\t\t\t\t\t<div class=\"elementor-element elementor-element-03eeab9 elementor-align-center elementor-widget elementor-widget-button\" data-id=\"03eeab9\" data-element_type=\"widget\" data-e-type=\"widget\" data-widget_type=\"button.default\">\n\t\t\t\t<div class=\"elementor-widget-container\">\n\t\t\t\t\t\t\t\t\t<div class=\"elementor-button-wrapper\">\n\t\t\t\t\t<a class=\"elementor-button elementor-button-link elementor-size-sm\" href=\"https:\/\/www.emploi.niteklaser.com\/\">\n\t\t\t\t\t\t<span class=\"elementor-button-content-wrapper\">\n\t\t\t\t\t\t\t\t\t<span class=\"elementor-button-text\">Accueil<\/span>\n\t\t\t\t\t<\/span>\n\t\t\t\t\t<\/a>\n\t\t\t\t<\/div>\n\t\t\t\t\t\t\t\t<\/div>\n\t\t\t\t<\/div>\n\t\t\t\t\t<\/div>\n\t\t<\/div>\n\t\t\t\t\t<\/div>\n\t\t<\/section>\n\t\t\t\t<\/div>\n\t\t","protected":false},"excerpt":{"rendered":"<p>Vos renseignements personnels jouent un r\u00f4le important dans certains de nos processus d\u2019affaires. Nous avons donc adopt\u00e9 la Politique relative \u00e0 la confidentialit\u00e9 et \u00e0 la protection de la vie priv\u00e9e (la \u00ab Politique \u00bb) pour nous assurer de nous acquitter de nos responsabilit\u00e9s en la mati\u00e8re. La Politique constitue l\u2019un des piliers du programme [&hellip;]<\/p>\n","protected":false},"author":1,"featured_media":0,"parent":0,"menu_order":0,"comment_status":"closed","ping_status":"closed","template":"elementor_theme","meta":{"sfsi_plus_gutenberg_text_before_share":"","sfsi_plus_gutenberg_show_text_before_share":"","sfsi_plus_gutenberg_icon_type":"","sfsi_plus_gutenberg_icon_alignemt":"","sfsi_plus_gutenburg_max_per_row":"","two_page_speed":[],"footnotes":""},"class_list":["post-1735","page","type-page","status-publish","hentry"],"yoast_head":"<!-- This site is optimized with the Yoast SEO plugin v27.5 - https:\/\/yoast.com\/product\/yoast-seo-wordpress\/ -->\n<title>Politique relative \u00e0 la protection des renseignements personnels - Une carri\u00e8re chez Nitek Laser<\/title>\n<meta name=\"robots\" content=\"index, follow, max-snippet:-1, max-image-preview:large, max-video-preview:-1\" \/>\n<link rel=\"canonical\" href=\"https:\/\/www.emploi.niteklaser.com\/?page_id=1735\" \/>\n<meta property=\"og:locale\" content=\"fr_FR\" \/>\n<meta property=\"og:type\" content=\"article\" \/>\n<meta property=\"og:title\" content=\"Politique relative \u00e0 la protection des renseignements personnels - Une carri\u00e8re chez Nitek Laser\" \/>\n<meta property=\"og:description\" content=\"Vos renseignements personnels jouent un r\u00f4le important dans certains de nos processus d\u2019affaires. Nous avons donc adopt\u00e9 la Politique relative \u00e0 la confidentialit\u00e9 et \u00e0 la protection de la vie priv\u00e9e (la \u00ab Politique \u00bb) pour nous assurer de nous acquitter de nos responsabilit\u00e9s en la mati\u00e8re. La Politique constitue l\u2019un des piliers du programme [&hellip;]\" \/>\n<meta property=\"og:url\" content=\"https:\/\/www.emploi.niteklaser.com\/?page_id=1735\" \/>\n<meta property=\"og:site_name\" content=\"Une carri\u00e8re chez Nitek Laser\" \/>\n<meta property=\"article:publisher\" content=\"https:\/\/www.facebook.com\/NitekLaser\" \/>\n<meta property=\"article:modified_time\" content=\"2025-12-10T13:47:41+00:00\" \/>\n<meta property=\"og:image\" content=\"https:\/\/www.emploi.niteklaser.com\/wp-content\/uploads\/2021\/05\/Sequence-01.Image-fixe003.png\" \/>\n\t<meta property=\"og:image:width\" content=\"1920\" \/>\n\t<meta property=\"og:image:height\" content=\"1080\" \/>\n\t<meta property=\"og:image:type\" content=\"image\/png\" \/>\n<meta name=\"twitter:label1\" content=\"Dur\u00e9e de lecture estim\u00e9e\" \/>\n\t<meta name=\"twitter:data1\" content=\"3 minutes\" \/>\n<script type=\"application\/ld+json\" class=\"yoast-schema-graph\">{\"@context\":\"https:\\\/\\\/schema.org\",\"@graph\":[{\"@type\":\"WebPage\",\"@id\":\"https:\\\/\\\/www.emploi.niteklaser.com\\\/?page_id=1735\",\"url\":\"https:\\\/\\\/www.emploi.niteklaser.com\\\/?page_id=1735\",\"name\":\"Politique relative \u00e0 la protection des renseignements personnels - Une carri\u00e8re chez Nitek Laser\",\"isPartOf\":{\"@id\":\"https:\\\/\\\/www.emploi.niteklaser.com\\\/#website\"},\"datePublished\":\"2025-01-17T16:26:51+00:00\",\"dateModified\":\"2025-12-10T13:47:41+00:00\",\"breadcrumb\":{\"@id\":\"https:\\\/\\\/www.emploi.niteklaser.com\\\/?page_id=1735#breadcrumb\"},\"inLanguage\":\"fr-FR\",\"potentialAction\":[{\"@type\":\"ReadAction\",\"target\":[\"https:\\\/\\\/www.emploi.niteklaser.com\\\/?page_id=1735\"]}]},{\"@type\":\"BreadcrumbList\",\"@id\":\"https:\\\/\\\/www.emploi.niteklaser.com\\\/?page_id=1735#breadcrumb\",\"itemListElement\":[{\"@type\":\"ListItem\",\"position\":1,\"name\":\"Accueil\",\"item\":\"https:\\\/\\\/www.emploi.niteklaser.com\\\/\"},{\"@type\":\"ListItem\",\"position\":2,\"name\":\"Politique relative \u00e0 la protection des renseignements personnels\"}]},{\"@type\":\"WebSite\",\"@id\":\"https:\\\/\\\/www.emploi.niteklaser.com\\\/#website\",\"url\":\"https:\\\/\\\/www.emploi.niteklaser.com\\\/\",\"name\":\"Une carri\u00e8re chez Nitek Laser\",\"description\":\"L&#039;efficacit\u00e9 \u00e0 dimension humaine\",\"publisher\":{\"@id\":\"https:\\\/\\\/www.emploi.niteklaser.com\\\/#organization\"},\"potentialAction\":[{\"@type\":\"SearchAction\",\"target\":{\"@type\":\"EntryPoint\",\"urlTemplate\":\"https:\\\/\\\/www.emploi.niteklaser.com\\\/?s={search_term_string}\"},\"query-input\":{\"@type\":\"PropertyValueSpecification\",\"valueRequired\":true,\"valueName\":\"search_term_string\"}}],\"inLanguage\":\"fr-FR\"},{\"@type\":\"Organization\",\"@id\":\"https:\\\/\\\/www.emploi.niteklaser.com\\\/#organization\",\"name\":\"Une carri\u00e8re chez Nitek Laser\",\"url\":\"https:\\\/\\\/www.emploi.niteklaser.com\\\/\",\"logo\":{\"@type\":\"ImageObject\",\"inLanguage\":\"fr-FR\",\"@id\":\"https:\\\/\\\/www.emploi.niteklaser.com\\\/#\\\/schema\\\/logo\\\/image\\\/\",\"url\":\"https:\\\/\\\/www.emploi.niteklaser.com\\\/wp-content\\\/uploads\\\/2025\\\/02\\\/Logo-Nitek-Laser-seul-1.png\",\"contentUrl\":\"https:\\\/\\\/www.emploi.niteklaser.com\\\/wp-content\\\/uploads\\\/2025\\\/02\\\/Logo-Nitek-Laser-seul-1.png\",\"width\":1392,\"height\":382,\"caption\":\"Une carri\u00e8re chez Nitek Laser\"},\"image\":{\"@id\":\"https:\\\/\\\/www.emploi.niteklaser.com\\\/#\\\/schema\\\/logo\\\/image\\\/\"},\"sameAs\":[\"https:\\\/\\\/www.facebook.com\\\/NitekLaser\",\"https:\\\/\\\/www.instagram.com\\\/niteklaserinc\\\/\",\"https:\\\/\\\/www.linkedin.com\\\/company\\\/nitek-laser-inc\",\"https:\\\/\\\/www.youtube.com\\\/channel\\\/UCvUezGBDb09XEaXokcgtuzw\"]}]}<\/script>\n<!-- \/ Yoast SEO plugin. -->","yoast_head_json":{"title":"Politique relative \u00e0 la protection des renseignements personnels - Une carri\u00e8re chez Nitek Laser","robots":{"index":"index","follow":"follow","max-snippet":"max-snippet:-1","max-image-preview":"max-image-preview:large","max-video-preview":"max-video-preview:-1"},"canonical":"https:\/\/www.emploi.niteklaser.com\/?page_id=1735","og_locale":"fr_FR","og_type":"article","og_title":"Politique relative \u00e0 la protection des renseignements personnels - Une carri\u00e8re chez Nitek Laser","og_description":"Vos renseignements personnels jouent un r\u00f4le important dans certains de nos processus d\u2019affaires. Nous avons donc adopt\u00e9 la Politique relative \u00e0 la confidentialit\u00e9 et \u00e0 la protection de la vie priv\u00e9e (la \u00ab Politique \u00bb) pour nous assurer de nous acquitter de nos responsabilit\u00e9s en la mati\u00e8re. La Politique constitue l\u2019un des piliers du programme [&hellip;]","og_url":"https:\/\/www.emploi.niteklaser.com\/?page_id=1735","og_site_name":"Une carri\u00e8re chez Nitek Laser","article_publisher":"https:\/\/www.facebook.com\/NitekLaser","article_modified_time":"2025-12-10T13:47:41+00:00","og_image":[{"width":1920,"height":1080,"url":"https:\/\/www.emploi.niteklaser.com\/wp-content\/uploads\/2021\/05\/Sequence-01.Image-fixe003.png","type":"image\/png"}],"twitter_misc":{"Dur\u00e9e de lecture estim\u00e9e":"3 minutes"},"schema":{"@context":"https:\/\/schema.org","@graph":[{"@type":"WebPage","@id":"https:\/\/www.emploi.niteklaser.com\/?page_id=1735","url":"https:\/\/www.emploi.niteklaser.com\/?page_id=1735","name":"Politique relative \u00e0 la protection des renseignements personnels - Une carri\u00e8re chez Nitek Laser","isPartOf":{"@id":"https:\/\/www.emploi.niteklaser.com\/#website"},"datePublished":"2025-01-17T16:26:51+00:00","dateModified":"2025-12-10T13:47:41+00:00","breadcrumb":{"@id":"https:\/\/www.emploi.niteklaser.com\/?page_id=1735#breadcrumb"},"inLanguage":"fr-FR","potentialAction":[{"@type":"ReadAction","target":["https:\/\/www.emploi.niteklaser.com\/?page_id=1735"]}]},{"@type":"BreadcrumbList","@id":"https:\/\/www.emploi.niteklaser.com\/?page_id=1735#breadcrumb","itemListElement":[{"@type":"ListItem","position":1,"name":"Accueil","item":"https:\/\/www.emploi.niteklaser.com\/"},{"@type":"ListItem","position":2,"name":"Politique relative \u00e0 la protection des renseignements personnels"}]},{"@type":"WebSite","@id":"https:\/\/www.emploi.niteklaser.com\/#website","url":"https:\/\/www.emploi.niteklaser.com\/","name":"Une carri\u00e8re chez Nitek Laser","description":"L&#039;efficacit\u00e9 \u00e0 dimension humaine","publisher":{"@id":"https:\/\/www.emploi.niteklaser.com\/#organization"},"potentialAction":[{"@type":"SearchAction","target":{"@type":"EntryPoint","urlTemplate":"https:\/\/www.emploi.niteklaser.com\/?s={search_term_string}"},"query-input":{"@type":"PropertyValueSpecification","valueRequired":true,"valueName":"search_term_string"}}],"inLanguage":"fr-FR"},{"@type":"Organization","@id":"https:\/\/www.emploi.niteklaser.com\/#organization","name":"Une carri\u00e8re chez Nitek Laser","url":"https:\/\/www.emploi.niteklaser.com\/","logo":{"@type":"ImageObject","inLanguage":"fr-FR","@id":"https:\/\/www.emploi.niteklaser.com\/#\/schema\/logo\/image\/","url":"https:\/\/www.emploi.niteklaser.com\/wp-content\/uploads\/2025\/02\/Logo-Nitek-Laser-seul-1.png","contentUrl":"https:\/\/www.emploi.niteklaser.com\/wp-content\/uploads\/2025\/02\/Logo-Nitek-Laser-seul-1.png","width":1392,"height":382,"caption":"Une carri\u00e8re chez Nitek Laser"},"image":{"@id":"https:\/\/www.emploi.niteklaser.com\/#\/schema\/logo\/image\/"},"sameAs":["https:\/\/www.facebook.com\/NitekLaser","https:\/\/www.instagram.com\/niteklaserinc\/","https:\/\/www.linkedin.com\/company\/nitek-laser-inc","https:\/\/www.youtube.com\/channel\/UCvUezGBDb09XEaXokcgtuzw"]}]}},"_links":{"self":[{"href":"https:\/\/www.emploi.niteklaser.com\/index.php?rest_route=\/wp\/v2\/pages\/1735","targetHints":{"allow":["GET"]}}],"collection":[{"href":"https:\/\/www.emploi.niteklaser.com\/index.php?rest_route=\/wp\/v2\/pages"}],"about":[{"href":"https:\/\/www.emploi.niteklaser.com\/index.php?rest_route=\/wp\/v2\/types\/page"}],"author":[{"embeddable":true,"href":"https:\/\/www.emploi.niteklaser.com\/index.php?rest_route=\/wp\/v2\/users\/1"}],"replies":[{"embeddable":true,"href":"https:\/\/www.emploi.niteklaser.com\/index.php?rest_route=%2Fwp%2Fv2%2Fcomments&post=1735"}],"version-history":[{"count":14,"href":"https:\/\/www.emploi.niteklaser.com\/index.php?rest_route=\/wp\/v2\/pages\/1735\/revisions"}],"predecessor-version":[{"id":2093,"href":"https:\/\/www.emploi.niteklaser.com\/index.php?rest_route=\/wp\/v2\/pages\/1735\/revisions\/2093"}],"wp:attachment":[{"href":"https:\/\/www.emploi.niteklaser.com\/index.php?rest_route=%2Fwp%2Fv2%2Fmedia&parent=1735"}],"curies":[{"name":"wp","href":"https:\/\/api.w.org\/{rel}","templated":true}]}}